{"id":6629,"date":"2026-01-12T13:21:24","date_gmt":"2026-01-12T12:21:24","guid":{"rendered":"https:\/\/staging.raizverde.com\/?post_type=product&#038;p=6629"},"modified":"2026-01-12T13:21:24","modified_gmt":"2026-01-12T12:21:24","slug":"parras","status":"publish","type":"product","link":"https:\/\/www.raizverde.com\/en\/product-2\/parras\/","title":{"rendered":"PARRAS"},"content":{"rendered":"<p data-start=\"0\" data-end=\"195\">La <strong data-start=\"3\" data-end=\"35\">parra o vid (Vitis vinifera)<\/strong> es una planta frutal trepadora de hoja caduca que pertenece a la familia <strong data-start=\"109\" data-end=\"121\">Vitaceae<\/strong>. A continuaci\u00f3n, se describen algunas de sus caracter\u00edsticas principales:<\/p>\n<p data-start=\"197\" data-end=\"506\"><strong data-start=\"197\" data-end=\"216\">Tama\u00f1o y forma:<\/strong><br data-start=\"216\" data-end=\"219\" \/>La parra es una planta de crecimiento vigoroso que puede alcanzar <strong data-start=\"285\" data-end=\"314\">varios metros de longitud<\/strong>, extendi\u00e9ndose sobre p\u00e9rgolas, muros o estructuras de soporte. Presenta un tronco le\u00f1oso y retorcido, del que parten sarmientos largos y flexibles que forman una cobertura amplia y sombreada.<\/p>\n<p data-start=\"508\" data-end=\"693\"><strong data-start=\"508\" data-end=\"518\">Hojas:<\/strong><br data-start=\"518\" data-end=\"521\" \/>Sus hojas son <strong data-start=\"535\" data-end=\"569\">grandes, palmeadas y lobuladas<\/strong>, de color verde intenso, con bordes dentados. Son caducas y proporcionan una sombra densa durante la primavera y el verano.<\/p>\n<p data-start=\"695\" data-end=\"892\"><strong data-start=\"695\" data-end=\"706\">Flores:<\/strong><br data-start=\"706\" data-end=\"709\" \/>Las flores de la parra son <strong data-start=\"736\" data-end=\"774\">peque\u00f1as, verdosas y poco vistosas<\/strong>, agrupadas en racimos. Son hermafroditas en la mayor\u00eda de las variedades cultivadas, lo que facilita la polinizaci\u00f3n.<\/p>\n<p data-start=\"894\" data-end=\"1177\"><strong data-start=\"894\" data-end=\"904\">Fruto:<\/strong><br data-start=\"904\" data-end=\"907\" \/>El fruto es la <strong data-start=\"922\" data-end=\"929\">uva<\/strong>, que se presenta en racimos de tama\u00f1o y forma variables. Las uvas pueden ser blancas, verdes, rojas o negras, seg\u00fan la variedad, y su pulpa es jugosa y dulce o ligeramente \u00e1cida. Es un fruto comestible muy apreciado tanto fresco como transformado.<\/p>\n<p data-start=\"1179\" data-end=\"1354\"><strong data-start=\"1179\" data-end=\"1188\">Ra\u00edz:<\/strong><br data-start=\"1188\" data-end=\"1191\" \/>Posee un sistema radicular <strong data-start=\"1218\" data-end=\"1247\">profundo y muy resistente<\/strong>, capaz de explorar grandes vol\u00famenes de suelo, lo que le permite adaptarse bien a terrenos secos y pobres.<\/p>\n<p data-start=\"1356\" data-end=\"1565\"><strong data-start=\"1356\" data-end=\"1366\">Clima:<\/strong><br data-start=\"1366\" data-end=\"1369\" \/>La parra es originaria de regiones <strong data-start=\"1404\" data-end=\"1417\">templadas<\/strong>. Prefiere climas mediterr\u00e1neos, con veranos c\u00e1lidos y secos e inviernos fr\u00edos moderados. Tolera bien el fr\u00edo invernal durante su periodo de reposo.<\/p>\n<p data-start=\"1567\" data-end=\"1743\"><strong data-start=\"1567\" data-end=\"1595\">Requerimientos de suelo:<\/strong><br data-start=\"1595\" data-end=\"1598\" \/>Se adapta a una gran variedad de suelos, siempre que est\u00e9n <strong data-start=\"1657\" data-end=\"1674\">bien drenados<\/strong>. Prefiere suelos ligeros o pedregosos y no tolera el encharcamiento.<\/p>\n<p data-start=\"1745\" data-end=\"1940\"><strong data-start=\"1745\" data-end=\"1761\">Crecimiento:<\/strong><br data-start=\"1761\" data-end=\"1764\" \/>Es una planta de <strong data-start=\"1781\" data-end=\"1803\">crecimiento r\u00e1pido<\/strong>, que puede comenzar a producir uvas a partir del <strong data-start=\"1853\" data-end=\"1877\">segundo o tercer a\u00f1o<\/strong> tras la plantaci\u00f3n, dependiendo de la variedad y los cuidados.<\/p>\n<p data-start=\"1942\" data-end=\"2176\"><strong data-start=\"1942\" data-end=\"1951\">Usos:<\/strong><br data-start=\"1951\" data-end=\"1954\" \/>La parra se cultiva principalmente por su <strong data-start=\"1996\" data-end=\"2005\">fruto<\/strong>, destinado al consumo en fresco, elaboraci\u00f3n de vino, pasas y zumos. Tambi\u00e9n se utiliza ampliamente con fines ornamentales para dar sombra en jardines, patios y p\u00e9rgolas.<\/p>\n<p data-start=\"2178\" data-end=\"2395\" data-is-last-node=\"\" data-is-only-node=\"\">La parra es una planta frutal muy valorada por su productividad, su capacidad de adaptaci\u00f3n y su funci\u00f3n ornamental, siendo ideal para climas templados y zonas soleadas donde reciba una correcta poda y riego moderado.<\/p>","protected":false},"excerpt":{"rendered":"<p>\ud83d\udfe2 2m altura total<br \/>\n\ud83d\udfe2 Posibilidad de entrega en domicilio<\/p>\n<p>Para m\u00e1s informaci\u00f3n, escr\u00edbanos a WhatsApp (+34) 644368939<\/p>","protected":false},"featured_media":6630,"comment_status":"open","ping_status":"closed","template":"","meta":{"give_campaign_id":0,"inline_featured_image":false},"product_brand":[],"product_cat":[64],"product_tag":[],"class_list":{"0":"post-6629","1":"product","2":"type-product","3":"status-publish","4":"has-post-thumbnail","6":"product_cat-frutales","7":"description-off","9":"first","10":"instock","11":"taxable","12":"shipping-taxable","13":"purchasable","14":"product-type-simple"},"_links":{"self":[{"href":"https:\/\/www.raizverde.com\/en\/wp-json\/wp\/v2\/product\/6629","targetHints":{"allow":["GET"]}}],"collection":[{"href":"https:\/\/www.raizverde.com\/en\/wp-json\/wp\/v2\/product"}],"about":[{"href":"https:\/\/www.raizverde.com\/en\/wp-json\/wp\/v2\/types\/product"}],"replies":[{"embeddable":true,"href":"https:\/\/www.raizverde.com\/en\/wp-json\/wp\/v2\/comments?post=6629"}],"wp:featuredmedia":[{"embeddable":true,"href":"https:\/\/www.raizverde.com\/en\/wp-json\/wp\/v2\/media\/6630"}],"wp:attachment":[{"href":"https:\/\/www.raizverde.com\/en\/wp-json\/wp\/v2\/media?parent=6629"}],"wp:term":[{"taxonomy":"product_brand","embeddable":true,"href":"https:\/\/www.raizverde.com\/en\/wp-json\/wp\/v2\/product_brand?post=6629"},{"taxonomy":"product_cat","embeddable":true,"href":"https:\/\/www.raizverde.com\/en\/wp-json\/wp\/v2\/product_cat?post=6629"},{"taxonomy":"product_tag","embeddable":true,"href":"https:\/\/www.raizverde.com\/en\/wp-json\/wp\/v2\/product_tag?post=6629"}],"curies":[{"name":"wp","href":"https:\/\/api.w.org\/{rel}","templated":true}]}}