{"id":6635,"date":"2026-01-12T17:05:57","date_gmt":"2026-01-12T16:05:57","guid":{"rendered":"https:\/\/staging.raizverde.com\/?post_type=product&#038;p=6635"},"modified":"2026-01-13T16:35:38","modified_gmt":"2026-01-13T15:35:38","slug":"limas","status":"publish","type":"product","link":"https:\/\/www.raizverde.com\/en\/product-2\/limas\/","title":{"rendered":"LIMAS"},"content":{"rendered":"<h3 data-start=\"189\" data-end=\"273\">Lima (Citrus aurantiifolia \/ Citrus latifolia) \u2013 C\u00edtrico arom\u00e1tico y refrescante<\/h3>\n<p data-start=\"275\" data-end=\"496\">La <strong data-start=\"278\" data-end=\"286\">Lima<\/strong> es un c\u00edtrico muy valorado tanto por su <strong data-start=\"327\" data-end=\"360\">fruto arom\u00e1tico y refrescante<\/strong> como por su <strong data-start=\"373\" data-end=\"395\">belleza ornamental<\/strong>. Es ideal para jardines, huertos urbanos, terrazas y macetas, aportando un toque ex\u00f3tico y fragante.<\/p>\n<p data-start=\"498\" data-end=\"652\">Sus hojas verdes y brillantes, junto a sus peque\u00f1os frutos redondos o el\u00edpticos, hacen de la lima una planta <strong data-start=\"607\" data-end=\"651\">vers\u00e1til, decorativa y \u00fatil en la cocina<\/strong>.<\/p>\n<h4 data-start=\"654\" data-end=\"687\">Caracter\u00edsticas principales:<\/h4>\n<ul data-start=\"688\" data-end=\"1013\">\n<li data-start=\"688\" data-end=\"744\">\n<p data-start=\"690\" data-end=\"744\"><strong data-start=\"690\" data-end=\"714\">Crecimiento moderado<\/strong>, controlable mediante poda.<\/p>\n<\/li>\n<li data-start=\"745\" data-end=\"812\">\n<p data-start=\"747\" data-end=\"812\">Altura de <strong data-start=\"757\" data-end=\"773\">2 a 4 metros<\/strong> en exterior; m\u00e1s compacta en maceta.<\/p>\n<\/li>\n<li data-start=\"813\" data-end=\"859\">\n<p data-start=\"815\" data-end=\"859\"><strong data-start=\"815\" data-end=\"856\">Hojas verdes, brillantes y arom\u00e1ticas<\/strong>.<\/p>\n<\/li>\n<li data-start=\"860\" data-end=\"935\">\n<p data-start=\"862\" data-end=\"935\"><strong data-start=\"862\" data-end=\"901\">Frutos peque\u00f1os, verdes o amarillos<\/strong>, muy apreciados en gastronom\u00eda.<\/p>\n<\/li>\n<li data-start=\"936\" data-end=\"1013\">\n<p data-start=\"938\" data-end=\"1013\">Prefiere <strong data-start=\"947\" data-end=\"1012\">climas c\u00e1lidos, exposici\u00f3n solar plena y suelos bien drenados<\/strong>.<\/p>\n<\/li>\n<\/ul>\n<h4 data-start=\"1015\" data-end=\"1038\">Usos recomendados:<\/h4>\n<ul data-start=\"1039\" data-end=\"1202\">\n<li data-start=\"1039\" data-end=\"1080\">\n<p data-start=\"1041\" data-end=\"1080\">Huertos urbanos y jardines dom\u00e9sticos<\/p>\n<\/li>\n<li data-start=\"1081\" data-end=\"1112\">\n<p data-start=\"1083\" data-end=\"1112\">Terrazas y patios en maceta<\/p>\n<\/li>\n<li data-start=\"1113\" data-end=\"1150\">\n<p data-start=\"1115\" data-end=\"1150\">Cultivo ornamental y gastron\u00f3mico<\/p>\n<\/li>\n<li data-start=\"1151\" data-end=\"1202\">\n<p data-start=\"1153\" data-end=\"1202\">Proyectos de jardiner\u00eda mediterr\u00e1nea y tropical<\/p>\n<\/li>\n<\/ul>\n<p data-start=\"1204\" data-end=\"1358\">La <strong data-start=\"1207\" data-end=\"1215\">Lima<\/strong> es perfecta para quienes buscan un c\u00edtrico <strong data-start=\"1259\" data-end=\"1296\">decorativo, fragante y productivo<\/strong>, ideal para combinar belleza natural y utilidad en la cocina.<\/p>\n<p data-start=\"1360\" data-end=\"1477\">\ud83c\udf4b <em data-start=\"1363\" data-end=\"1477\">Disponible en diferentes tama\u00f1os.<\/em><\/p>","protected":false},"excerpt":{"rendered":"<p>\ud83d\udfe2 1.8m altura total<br \/>\n\ud83d\udfe2 Posibilidad de entrega en domicilio<\/p>\n<p>Para m\u00e1s informaci\u00f3n, escr\u00edbanos a WhatsApp (+34) 644368939<\/p>","protected":false},"featured_media":6636,"comment_status":"open","ping_status":"closed","template":"","meta":{"give_campaign_id":0,"inline_featured_image":false},"product_brand":[],"product_cat":[64],"product_tag":[],"class_list":{"0":"post-6635","1":"product","2":"type-product","3":"status-publish","4":"has-post-thumbnail","6":"product_cat-frutales","7":"description-off","9":"first","10":"instock","11":"taxable","12":"shipping-taxable","13":"purchasable","14":"product-type-simple"},"_links":{"self":[{"href":"https:\/\/www.raizverde.com\/en\/wp-json\/wp\/v2\/product\/6635","targetHints":{"allow":["GET"]}}],"collection":[{"href":"https:\/\/www.raizverde.com\/en\/wp-json\/wp\/v2\/product"}],"about":[{"href":"https:\/\/www.raizverde.com\/en\/wp-json\/wp\/v2\/types\/product"}],"replies":[{"embeddable":true,"href":"https:\/\/www.raizverde.com\/en\/wp-json\/wp\/v2\/comments?post=6635"}],"wp:featuredmedia":[{"embeddable":true,"href":"https:\/\/www.raizverde.com\/en\/wp-json\/wp\/v2\/media\/6636"}],"wp:attachment":[{"href":"https:\/\/www.raizverde.com\/en\/wp-json\/wp\/v2\/media?parent=6635"}],"wp:term":[{"taxonomy":"product_brand","embeddable":true,"href":"https:\/\/www.raizverde.com\/en\/wp-json\/wp\/v2\/product_brand?post=6635"},{"taxonomy":"product_cat","embeddable":true,"href":"https:\/\/www.raizverde.com\/en\/wp-json\/wp\/v2\/product_cat?post=6635"},{"taxonomy":"product_tag","embeddable":true,"href":"https:\/\/www.raizverde.com\/en\/wp-json\/wp\/v2\/product_tag?post=6635"}],"curies":[{"name":"wp","href":"https:\/\/api.w.org\/{rel}","templated":true}]}}